{"id":10,"date":"2024-02-28T00:28:30","date_gmt":"2024-02-27T23:28:30","guid":{"rendered":"http:\/\/sophienpark.at\/?page_id=10"},"modified":"2024-02-28T15:46:00","modified_gmt":"2024-02-28T14:46:00","slug":"sophienpark-der-beginn-eines-neuen-areals","status":"publish","type":"page","link":"http:\/\/sophienpark.at\/","title":{"rendered":"Sophienpark \u2013 der Beginn eines neuen Areals."},"content":{"rendered":"\n<h2 class=\"wp-block-heading\">Vielen Dank f\u00fcr Ihre Ideen und Engagement! Neuigkeiten werden laufend hier ver\u00f6ffentlicht!<\/h2>\n\n\n\n<p><strong>Aktuelles&nbsp;<\/strong><\/p>\n\n\n\n<h3 class=\"wp-block-heading\">Es geht los mit den Bauarbeiten<\/h3>\n\n\n\n<p>Bald beginnen die Bauarbeiten beim ehemaligen Sophienspital. Am 20.05.2022 kannst Du Dir von 15-17.00 Uhr&nbsp;<a href=\"https:\/\/www.agendaneubau.at\/kalender.html\">Informationen zur Planung und zur Bauzeit holen<\/a>. Erfahre, wann es los geht und welche Angebote hier entstehen werden.<\/p>\n\n\n\n<p>Geplant sind derzeit:<\/p>\n\n\n\n<ul class=\"wp-block-list\">\n<li>Rund 210 gef\u00f6rderte Wohnungen, darunter&nbsp;<a href=\"https:\/\/www.wienerwohnen.at\/gemeindewohnungenneu\/sophienspital.html\">46 Wohnungen in einem Gemeindebau Neu<\/a><\/li>\n\n\n\n<li>Rund 100&nbsp;Smart-Wohnungen<\/li>\n\n\n\n<li>Kindergarten mit 7 Gruppen<\/li>\n\n\n\n<li>Caf\u00e9<\/li>\n\n\n\n<li>Co-Working Spaces<\/li>\n\n\n\n<li>Veranstaltungssaal<\/li>\n\n\n\n<li>Pop-up Stores<\/li>\n<\/ul>\n\n\n\n<p>Der bestehende zentrale Gr\u00fcnraum mit altem Baumbestand wird als \u00f6ffentlicher Park zug\u00e4nglich gemacht und mit Spielplatz, Sitzm\u00f6glichkeiten, Wasserspiel et cetera aufgewertet.<\/p>\n\n\n\n<p>Die Bauarbeiten sollen bis 2025 abgeschlossen sein.<\/p>\n\n\n\n<p>Alle&nbsp;<a href=\"https:\/\/www.wien.gv.at\/stadtentwicklung\/projekte\/sophienspital\/\">Informationen zu den Planungsdokumenten findet ihr auf der Seite der Stadt Wien.<\/a><\/p>\n\n\n\n<h3 class=\"wp-block-heading\"><strong>Ergebnis des Bautr\u00e4gerwettbewerbs<\/strong><\/h3>\n\n\n\n<p>Das Ergebnis der 2. Stufe des Bautr\u00e4gerwettbewerbs steht fest: Die Kooperationspartner Sozialbau AG und WBV-GPA werden bis zum Jahr 2024 auf dem Gel\u00e4nde des ehem. Sophienspitals rund 180 gef\u00f6rderte Wohnungen errichten. Der Park wird als \u00f6ffentlicher Gr\u00fcnraum f\u00fcr alle ge\u00f6ffnet. Zus\u00e4tzlich sollen am Standort ein Kindergarten, eine Volksschule, ein Spielplatz, ein Caf\u00e9, Co-Working-Spaces, ein Veranstaltungssaal und Pop-Up-Stores entstehen. Die gesch\u00fctzte historische Bausubstanz wird durch zeitgem\u00e4\u00dfe Neubauten erg\u00e4nzt.&nbsp;Bis Herbst 2020 werden nun umsetzungsreife Projektpl\u00e4ne ausgearbeitet. Auch eine B\u00fcrger*inneninformation, die an den Prozess aus dem Jahr 2018 anschlie\u00dft, ist Teil dieser 3. Wettbewerbsstufe.<\/p>\n\n\n\n<p>Weitere Informationen bei&nbsp;<a href=\"https:\/\/wohnberatung-wien.at\/\">Wohnberatung Wien<\/a>&nbsp;und&nbsp;<a href=\"https:\/\/www.sozialbau.at\/\">Sozialbau<\/a>.<\/p>\n\n\n\n<h3 class=\"wp-block-heading\"><strong>Zwischennutzung&nbsp;bis zum Baustart<\/strong><\/h3>\n\n\n\n<p>Bis zum Baubeginn wird der Europapavillon am G\u00fcrtel f\u00fcr kreative, \u00f6kologische und urbane Projekte zwischengenutzt. Schwerpunktm\u00e4\u00dfig widmet sich das \u201eWEST\u201c, das von der Agentur art:phalanx betreut wird, dabei der Kreislaufwirtschaft. Angestrebt ist die Schaffung eines lebendigen Treffpunktes, in dem sich unterschiedliche Akteur*innen pr\u00e4sentieren und austauschen. Vorl\u00e4ufig ist auf Grund der COVID-19 Beschr\u00e4nkungen nur eingeschr\u00e4nkter Betrieb. Ab September wird&nbsp;das \u201eWEST\u201c Schauplatz einer Zwischenpr\u00e4sentation der IBA_Wien, der Internationalen Bauausstellung 2022.&nbsp;Schon ab Sommer ge\u00f6ffnet und mitgenutzt wird der Park mit seinem sch\u00f6nen Altbaumbestand, der als st\u00e4dtische gr\u00fcne Oase zum Verweilen einl\u00e4dt.<\/p>\n\n\n\n<p>Weitere Informationen:&nbsp;<a href=\"http:\/\/www.west-space.at\/\">www.west-space.at<\/a><\/p>\n\n\n\n<h3 class=\"wp-block-heading\">\u201eAgenda Forum 2019\u201c<\/h3>\n\n\n\n<p>Das war das \u201eAgenda Forum 2019\u201c: Rund 70 interessierte und engagierte BewohnerInnen folgten der Einladung der Agenda Neubau ins ehemalige Sophienspital. Nach der Begr\u00fc\u00dfung durch BV Markus Reiter stellten die f\u00fcnf<a href=\"https:\/\/www.la21wien.at\/mit-machen.html\">&nbsp;Agendagruppen<\/a>&nbsp;ihre Arbeit und ihre Ideen vor. Mehr dazu gibt es&nbsp;<a href=\"https:\/\/www.la21wien.at\/blog-detail-la21\/agenda-forum-neubau-2040.html\" target=\"_blank\" rel=\"noreferrer noopener\">hier<\/a>.<\/p>\n\n\n\n<figure class=\"wp-block-gallery has-nested-images columns-default is-cropped wp-block-gallery-1 is-layout-flex wp-block-gallery-is-layout-flex\">\n<figure class=\"wp-block-image size-large\"><img loading=\"lazy\" decoding=\"async\" width=\"1024\" height=\"538\" data-id=\"32\" src=\"http:\/\/sophienpark.at\/wp-content\/uploads\/2024\/02\/Sophie_Beteiligung_15-1200x630-1-1024x538.jpg\" alt=\"\" class=\"wp-image-32\" srcset=\"http:\/\/sophienpark.at\/wp-content\/uploads\/2024\/02\/Sophie_Beteiligung_15-1200x630-1-1024x538.jpg 1024w, http:\/\/sophienpark.at\/wp-content\/uploads\/2024\/02\/Sophie_Beteiligung_15-1200x630-1-300x158.jpg 300w, http:\/\/sophienpark.at\/wp-content\/uploads\/2024\/02\/Sophie_Beteiligung_15-1200x630-1-768x403.jpg 768w, http:\/\/sophienpark.at\/wp-content\/uploads\/2024\/02\/Sophie_Beteiligung_15-1200x630-1.jpg 1200w\" sizes=\"auto, (max-width: 1024px) 100vw, 1024px\" \/><figcaption class=\"wp-element-caption\">\u00a9 Agenda Neubau<\/figcaption><\/figure>\n\n\n\n<figure class=\"wp-block-image size-large\"><img loading=\"lazy\" decoding=\"async\" width=\"1024\" height=\"538\" data-id=\"31\" src=\"http:\/\/sophienpark.at\/wp-content\/uploads\/2024\/02\/Sophie_Beteiligung_14-1200x630-1-1024x538.jpg\" alt=\"\" class=\"wp-image-31\" srcset=\"http:\/\/sophienpark.at\/wp-content\/uploads\/2024\/02\/Sophie_Beteiligung_14-1200x630-1-1024x538.jpg 1024w, http:\/\/sophienpark.at\/wp-content\/uploads\/2024\/02\/Sophie_Beteiligung_14-1200x630-1-300x158.jpg 300w, http:\/\/sophienpark.at\/wp-content\/uploads\/2024\/02\/Sophie_Beteiligung_14-1200x630-1-768x403.jpg 768w, http:\/\/sophienpark.at\/wp-content\/uploads\/2024\/02\/Sophie_Beteiligung_14-1200x630-1.jpg 1200w\" sizes=\"auto, (max-width: 1024px) 100vw, 1024px\" \/><figcaption class=\"wp-element-caption\">\u00a9 Agenda Neubau<\/figcaption><\/figure>\n\n\n\n<figure class=\"wp-block-image size-large\"><img loading=\"lazy\" decoding=\"async\" width=\"1024\" height=\"538\" data-id=\"30\" src=\"http:\/\/sophienpark.at\/wp-content\/uploads\/2024\/02\/Sophie_Beteiligung_11-1200x630-1-1024x538.jpg\" alt=\"\" class=\"wp-image-30\" srcset=\"http:\/\/sophienpark.at\/wp-content\/uploads\/2024\/02\/Sophie_Beteiligung_11-1200x630-1-1024x538.jpg 1024w, http:\/\/sophienpark.at\/wp-content\/uploads\/2024\/02\/Sophie_Beteiligung_11-1200x630-1-300x158.jpg 300w, http:\/\/sophienpark.at\/wp-content\/uploads\/2024\/02\/Sophie_Beteiligung_11-1200x630-1-768x403.jpg 768w, http:\/\/sophienpark.at\/wp-content\/uploads\/2024\/02\/Sophie_Beteiligung_11-1200x630-1.jpg 1200w\" sizes=\"auto, (max-width: 1024px) 100vw, 1024px\" \/><figcaption class=\"wp-element-caption\">\u00a9 Agenda Neubau<\/figcaption><\/figure>\n\n\n\n<figure class=\"wp-block-image size-large\"><img loading=\"lazy\" decoding=\"async\" width=\"1024\" height=\"538\" data-id=\"29\" src=\"http:\/\/sophienpark.at\/wp-content\/uploads\/2024\/02\/Sophie_Beteiligung_6-1200x630-1-1024x538.jpg\" alt=\"\" class=\"wp-image-29\" srcset=\"http:\/\/sophienpark.at\/wp-content\/uploads\/2024\/02\/Sophie_Beteiligung_6-1200x630-1-1024x538.jpg 1024w, http:\/\/sophienpark.at\/wp-content\/uploads\/2024\/02\/Sophie_Beteiligung_6-1200x630-1-300x158.jpg 300w, http:\/\/sophienpark.at\/wp-content\/uploads\/2024\/02\/Sophie_Beteiligung_6-1200x630-1-768x403.jpg 768w, http:\/\/sophienpark.at\/wp-content\/uploads\/2024\/02\/Sophie_Beteiligung_6-1200x630-1.jpg 1200w\" sizes=\"auto, (max-width: 1024px) 100vw, 1024px\" \/><figcaption class=\"wp-element-caption\">\u00a9 Agenda Neubau<\/figcaption><\/figure>\n\n\n\n<figure class=\"wp-block-image size-large\"><img loading=\"lazy\" decoding=\"async\" width=\"1024\" height=\"538\" data-id=\"28\" src=\"http:\/\/sophienpark.at\/wp-content\/uploads\/2024\/02\/Sophie_Beteiligung_4-1200x630-1-1024x538.jpg\" alt=\"Bilder vom AgendaForum2019\" class=\"wp-image-28\" srcset=\"http:\/\/sophienpark.at\/wp-content\/uploads\/2024\/02\/Sophie_Beteiligung_4-1200x630-1-1024x538.jpg 1024w, http:\/\/sophienpark.at\/wp-content\/uploads\/2024\/02\/Sophie_Beteiligung_4-1200x630-1-300x158.jpg 300w, http:\/\/sophienpark.at\/wp-content\/uploads\/2024\/02\/Sophie_Beteiligung_4-1200x630-1-768x403.jpg 768w, http:\/\/sophienpark.at\/wp-content\/uploads\/2024\/02\/Sophie_Beteiligung_4-1200x630-1.jpg 1200w\" sizes=\"auto, (max-width: 1024px) 100vw, 1024px\" \/><figcaption class=\"wp-element-caption\">\u00a9 Agenda Neubau<\/figcaption><\/figure>\n<\/figure>\n\n\n\n<h2 class=\"wp-block-heading\">W\u00fcnsche an das Sophienspital \u2013 Ergebnisse der B\u00fcrgerInnenbeteiligung<\/h2>\n\n\n\n<h3 class=\"wp-block-heading\">Welche Erwartungen haben die NeubauerInnen an das Stadtentwicklungsgebiet in Ihrem Bezirk?<\/h3>\n\n\n\n<p>Die Agenda Neubau hat die W\u00fcnsche der BewohnerInnen gesammelt und ausgewertet.<\/p>\n\n\n\n<p>Die erste Runde der Beteiligung zur Entwicklung des ehemaligen Sophienspitals ist abgeschlossen. Etwa 180 Personen sind gekommen, um sich \u00fcber das Konzept und den Zeitplan der weiteren Nutzung des ehemaligen Krankenhauses zu informieren. Viele BewohnerInnen haben konkrete Ideen und Anregungen, die sie uns online und im pers\u00f6nlichen Gespr\u00e4ch mitgeteilt haben.<\/p>\n\n\n\n<h3 class=\"wp-block-heading\">Ein Park f\u00fcr Neubau<\/h3>\n\n\n\n<p>Am wichtigsten ist den meisten die \u00f6ffentliche Zug\u00e4nglichkeit des bestehenden Parks. Der siebente Bezirk ist ohnehin nicht beg\u00fcnstigt, was Parks und Freifl\u00e4chen anbelangt, da ist ein weiterer Park mit alten B\u00e4umen sehr willkommen. Die Erhaltung der Pflanzen und Tierwelt im Sophienpark ist vielen wichtig, ebenso die M\u00f6glichkeit zur Erholung. Je fr\u00fcher der Park ge\u00f6ffnet und \u00f6ffentlich zug\u00e4nglich wird, umso besser.<br>Interessiert aufgenommen wurde die Idee der Durchquerung: so w\u00fcnschen sich viele einen direkten Weg von der Apollogasse oder Kaiserstrasse zur U6-Station, was eine Abk\u00fcrzung f\u00fcr Fu\u00dfg\u00e4ngerInnen bedeuten w\u00fcrde. Auch wenn eine verst\u00e4rkte L\u00e4rmbelastung durch die \u00d6ffnung der Geb\u00e4ude zum G\u00fcrtel hin bef\u00fcrchtet wird, scheint die Option der schnelleren Verbindung den BewohnerInnen vorrangig.<\/p>\n\n\n\n<h3 class=\"wp-block-heading\">Leistbare Wohnungen<\/h3>\n\n\n\n<p>Die Schaffung von bezahlbarem Wohnraum ist vielen NeubauerInnen wichtig. Die weiteren Ideen zur Verwendung der alten Geb\u00e4ude reichen von gewerblichen Nutzungen \u00fcber den Einzug von sozialen Institutionen bis hin zur Gastronomie. Auch K\u00fcnstlerInnen und Kulturschaffende sind gerne gesehen.<\/p>\n\n\n\n<h3 class=\"wp-block-heading\">Beliebte F\u00fchrungen<\/h3>\n\n\n\n<p>Ein Teil der BesucherInnen nutzte das Angebot einer F\u00fchrung \u00fcber das Gel\u00e4nde und durch die Geb\u00e4ude. Aufgrund eines Filmdrehs waren leider nicht alle Geb\u00e4ude zug\u00e4nglich, dennoch gab es Einblicke in die Geschichte und Architektur des Sophienspitals.<\/p>\n\n\n\n<h3 class=\"wp-block-heading\">Verkehrsorganisation im Umfeld<\/h3>\n\n\n\n<p>Auch zur Verkehrsorganisation im Umfeld wurden zahlreiche Ideen gesammelt. Verkehrsberuhigung wird von vielen gew\u00fcnscht. Die Erarbeitung von Verkehrsl\u00f6sungen im Umfeld wird das Projekt begleiten.<\/p>\n\n\n\n<h2 class=\"wp-block-heading\">Hier finden Sie den Park:<\/h2>\n\n\n\n<p><div id=\"lmm_96302b59\" style=\"width:1024px;\" class=\"mapsmarker markermap marker-1\">\n<div id=\"lmm_panel_96302b59\" class=\"lmm-panel\" style=\"background:#efefef;\">\n<div id=\"lmm_panel_api_96302b59\" class=\"lmm-panel-api\"><a href=\"https:\/\/maps.google.com\/maps?daddr=48.197967,16.340056&amp;t=m&amp;layer=1&amp;doflg=ptk&amp;om=0\" target=\"_blank\" title=\"Get directions\"><img loading=\"lazy\" decoding=\"async\" alt=\"icon-car.png\" src=\"http:\/\/sophienpark.at\/wp-content\/plugins\/leaflet-maps-marker\/inc\/img\/icon-car.png\" width=\"14\" height=\"14\" class=\"lmm-panel-api-images\" \/><\/a><\/div><div id=\"lmm_panel_text_96302b59\" class=\"lmm-panel-text\" style=\"font-weight:bold;color:#373737;\">Sophienpark<\/div><\/div>\n<div id=\"lmm_map_96302b59\" class=\"lmm-map\" style=\"background:#f6f6f6;border:1px solid #ccc;height:480px; overflow:hidden;padding:0;\"><p style=\"font-size:80%;color:#9f9e9e;margin-left:5px;\">loading map - please wait...<noscript><br\/><strong>Map could not be loaded - please enable Javascript!<\/strong><br\/><a style=\"text-decoration:none;\" href=\"https:\/\/www.mapsmarker.com\/js-disabled\" target=\"_blank\">&rarr; more information<\/a><\/noscript><\/p><\/div>\n<div id=\"lmm_geo_tags_96302b59\" class=\"lmm-geo-tags geo\">\n<span class=\"paneltext\">Sophienpark<\/span>\n<span class=\"latitude\">48.197967<\/span>, <span class=\"longitude\">16.340056<\/span>\n<span class=\"popuptext\"><\/span>\n<\/div>\n<\/div><a href=\"https:\/\/web.archive.org\/web\/20231206050207\/https:\/\/sophienpark.at\/#\"><\/a><\/p>\n\n\n\n<h2 class=\"wp-block-heading\">Infomaterial<\/h2>\n\n\n\n<ul class=\"wp-block-list\">\n<li><a href=\"https:\/\/web.archive.org\/web\/20231206050207\/https:\/\/sophienpark.at\/wp-content\/uploads\/2022\/06\/LA21-Timeline_20220613.jpg\">Download Timeline<\/a><\/li>\n\n\n\n<li><a href=\"https:\/\/web.archive.org\/web\/20231206050207\/https:\/\/sophienpark.at\/wp-content\/uploads\/2018\/06\/Ortho_Sophienspital-AbgrenzungStra%C3%9Fen-LA21.jpg\">Luftbildaufnahme des Areals<\/a><\/li>\n<\/ul>\n\n\n\n<ul class=\"wp-block-list\">\n<li><\/li>\n<\/ul>\n\n\n\n<p><a href=\"http:\/\/sophienpark.at\/?page_id=66\" data-type=\"page\" data-id=\"66\">Datenschutzerkl\u00e4rung<\/a>\u00a0<a href=\"http:\/\/sophienpark.at\/?page_id=63\" data-type=\"page\" data-id=\"63\">Impressum<\/a><\/p>\n","protected":false},"excerpt":{"rendered":"<p>Vielen Dank f\u00fcr Ihre Ideen und Engagement! Neuigkeiten werden laufend hier ver\u00f6ffentlicht! Aktuelles&nbsp; Es geht los mit den Bauarbeiten Bald beginnen die Bauarbeiten beim ehemaligen Sophienspital. Am 20.05.2022 kannst Du Dir von 15-17.00 Uhr&nbsp;Informationen zur Planung und zur Bauzeit holen. Erfahre, wann es los geht und welche Angebote hier entstehen werden. Geplant sind derzeit: Der [&hellip;]<\/p>\n","protected":false},"author":1,"featured_media":0,"parent":0,"menu_order":0,"comment_status":"closed","ping_status":"closed","template":"","meta":{"footnotes":""},"class_list":["post-10","page","type-page","status-publish","czr-hentry"],"_links":{"self":[{"href":"http:\/\/sophienpark.at\/index.php?rest_route=\/wp\/v2\/pages\/10","targetHints":{"allow":["GET"]}}],"collection":[{"href":"http:\/\/sophienpark.at\/index.php?rest_route=\/wp\/v2\/pages"}],"about":[{"href":"http:\/\/sophienpark.at\/index.php?rest_route=\/wp\/v2\/types\/page"}],"author":[{"embeddable":true,"href":"http:\/\/sophienpark.at\/index.php?rest_route=\/wp\/v2\/users\/1"}],"replies":[{"embeddable":true,"href":"http:\/\/sophienpark.at\/index.php?rest_route=%2Fwp%2Fv2%2Fcomments&post=10"}],"version-history":[{"count":10,"href":"http:\/\/sophienpark.at\/index.php?rest_route=\/wp\/v2\/pages\/10\/revisions"}],"predecessor-version":[{"id":68,"href":"http:\/\/sophienpark.at\/index.php?rest_route=\/wp\/v2\/pages\/10\/revisions\/68"}],"wp:attachment":[{"href":"http:\/\/sophienpark.at\/index.php?rest_route=%2Fwp%2Fv2%2Fmedia&parent=10"}],"curies":[{"name":"wp","href":"https:\/\/api.w.org\/{rel}","templated":true}]}}